{"id":8025,"date":"2019-09-17T22:39:55","date_gmt":"2019-09-18T03:39:55","guid":{"rendered":"http:\/\/www.ugelsanchezcarrion.gob.pe\/?page_id=8025"},"modified":"2019-11-11T18:59:05","modified_gmt":"2019-11-11T23:59:05","slug":"nombramientos-2019","status":"publish","type":"page","link":"http:\/\/www.ugelsanchezcarrion.gob.pe\/?page_id=8025","title":{"rendered":"NOMBRAMIENTOS &#8211; 2019"},"content":{"rendered":"\t\t<div data-elementor-type=\"wp-page\" data-elementor-id=\"8025\" class=\"elementor elementor-8025 elementor-bc-flex-widget\" data-elementor-settings=\"[]\">\n\t\t\t\t\t\t<div class=\"elementor-inner\">\n\t\t\t\t\t\t\t<div class=\"elementor-section-wrap\">\n\t\t\t\t\t\t\t<section class=\"elementor-section elementor-top-section elementor-element elementor-element-zipbqsd elementor-section-boxed elementor-section-height-default elementor-section-height-default\" data-id=\"zipbqsd\" data-element_type=\"section\">\n\t\t\t\t\t\t<div class=\"elementor-container elementor-column-gap-default\">\n\t\t\t\t\t\t\t<div class=\"elementor-row\">\n\t\t\t\t\t<div class=\"elementor-column elementor-col-100 elementor-top-column elementor-element elementor-element-qxirqvs\" data-id=\"qxirqvs\" data-element_type=\"column\">\n\t\t\t<div class=\"elementor-column-wrap elementor-element-populated\">\n\t\t\t\t\t\t\t<div class=\"elementor-widget-wrap\">\n\t\t\t\t\t\t<div class=\"elementor-element elementor-element-cvivmlq elementor-widget elementor-widget-text-editor\" data-id=\"cvivmlq\" data-element_type=\"widget\" data-widget_type=\"text-editor.default\">\n\t\t\t\t<div class=\"elementor-widget-container\">\n\t\t\t\t\t\t\t\t<div class=\"elementor-text-editor elementor-clearfix\">\n\t\t\t\t<ul class=\"nav nav-pills\"><li class=\"active\" role=\"presentation\"><a href=\"http:\/\/www.ugelsanchezcarrion.gob.pe\/?page_id=8025\">Nombramiento 2019<\/a><\/li><li role=\"presentation\"><a href=\"http:\/\/www.ugelsanchezcarrion.gob.pe\/?page_id=5374\">Nombramiento 2018<\/a><\/li><\/ul>\t\t\t\t\t<\/div>\n\t\t\t\t\t\t<\/div>\n\t\t\t\t<\/div>\n\t\t\t\t\t\t<\/div>\n\t\t\t\t\t<\/div>\n\t\t<\/div>\n\t\t\t\t\t\t\t\t<\/div>\n\t\t\t\t\t<\/div>\n\t\t<\/section>\n\t\t\t\t<section class=\"elementor-section elementor-top-section elementor-element elementor-element-x6keqbj elementor-section-boxed elementor-section-height-default elementor-section-height-default\" data-id=\"x6keqbj\" data-element_type=\"section\">\n\t\t\t\t\t\t<div class=\"elementor-container elementor-column-gap-default\">\n\t\t\t\t\t\t\t<div class=\"elementor-row\">\n\t\t\t\t\t<div class=\"elementor-column elementor-col-100 elementor-top-column elementor-element elementor-element-q550971\" data-id=\"q550971\" data-element_type=\"column\">\n\t\t\t<div class=\"elementor-column-wrap elementor-element-populated\">\n\t\t\t\t\t\t\t<div class=\"elementor-widget-wrap\">\n\t\t\t\t\t\t<div class=\"elementor-element elementor-element-h2snqpk elementor-widget elementor-widget-text-editor\" data-id=\"h2snqpk\" data-element_type=\"widget\" data-widget_type=\"text-editor.default\">\n\t\t\t\t<div class=\"elementor-widget-container\">\n\t\t\t\t\t\t\t\t<div class=\"elementor-text-editor elementor-clearfix\">\n\t\t\t\t<h3 style=\"text-align: center;\"><span style=\"color: #ff0000;\"><strong><u>CONCURSO DE NOMBRAMIENTO 2019<\/u><\/strong><\/span><\/h3><p>\u00a0<\/p><p><strong><span style=\"color: #000000;\">Los Comit\u00e9s de Evaluaci\u00f3n Docente deben contar con un KIT de autocapacitaci\u00f3n que fueron entregados en la Capacitaci\u00f3n del d\u00eda 10 de septiembre del 2019 en el auditorio de la UGEL S\u00e1nchez Carri\u00f3n, en caso no cuenten con ello, lo deben recoger en la OFICINA DE AGI con la se\u00f1orita \u00a0Marly Ponce Rosas. (01 KIT por comit\u00e9)<\/span><\/strong><\/p><p><strong><span style=\"color: #000000;\">Los Comit\u00e9s de nombramiento de UGEL y de las II.EE deben elaborar su cronograma de evaluaci\u00f3n y difundirlo (consignando el n\u00famero de celular de los integrantes del comit\u00e9 para contacto), as\u00ed mismo deben de enviarlo a la UGEL por mesa de partes y copia a la srta. Marly Ponce Rosas para su publicaci\u00f3n en la p\u00e1gina WEB de la UGEL S\u00e1nchez Carri\u00f3n.<\/span><\/strong><\/p><p><strong><span style=\"color: #000000;\">En el transcurso de los d\u00edas el MINEDU estar\u00e1 enviando al e-mail que nos brindaron de cada integrante de los comit\u00e9s, el v\u00ednculo, usuario y contrase\u00f1a para acceder al aplicativo. En \u00e9ste aplicativo podr\u00e1n descargar los datos de los postulantes por plaza; adem\u00e1s har\u00e1n el registro del resultado de la evaluaci\u00f3n en este aplicativo y se culmina con la emisi\u00f3n de las actas de evaluaci\u00f3n (para ello, los tres integrantes deben de contar con la contrase\u00f1a)<\/span><\/strong><\/p><p><strong><span style=\"color: #000000;\">Mientras reciben el e-mail con los datos de acceso al aplicativo, los comit\u00e9s pueden ver la relaci\u00f3n de postulantes por I.E. en el siguiente link: \u200b<\/span><\/strong><\/p><p><a href=\"https:\/\/evaluaciondocente.perueduca.pe\/nmcd2019_comite\/\" target=\"_blank\" rel=\"noopener\">evaluaciondocente.perueduca.pe\/nmcd2019_comite<\/a><\/p>\t\t\t\t\t<\/div>\n\t\t\t\t\t\t<\/div>\n\t\t\t\t<\/div>\n\t\t\t\t\t\t<\/div>\n\t\t\t\t\t<\/div>\n\t\t<\/div>\n\t\t\t\t\t\t\t\t<\/div>\n\t\t\t\t\t<\/div>\n\t\t<\/section>\n\t\t\t\t<section class=\"elementor-section elementor-top-section elementor-element elementor-element-k5j1bge elementor-section-boxed elementor-section-height-default elementor-section-height-default\" data-id=\"k5j1bge\" data-element_type=\"section\">\n\t\t\t\t\t\t<div class=\"elementor-container elementor-column-gap-default\">\n\t\t\t\t\t\t\t<div class=\"elementor-row\">\n\t\t\t\t\t<div class=\"elementor-column elementor-col-100 elementor-top-column elementor-element elementor-element-0jkmm9c\" data-id=\"0jkmm9c\" data-element_type=\"column\">\n\t\t\t<div class=\"elementor-column-wrap elementor-element-populated\">\n\t\t\t\t\t\t\t<div class=\"elementor-widget-wrap\">\n\t\t\t\t\t\t<div class=\"elementor-element elementor-element-u4e45o9 elementor-widget elementor-widget-text-editor\" data-id=\"u4e45o9\" data-element_type=\"widget\" data-widget_type=\"text-editor.default\">\n\t\t\t\t<div class=\"elementor-widget-container\">\n\t\t\t\t\t\t\t\t<div class=\"elementor-text-editor elementor-clearfix\">\n\t\t\t\t<h2><strong><span style=\"color: #ff0000;\">COMUNICADOS<\/span><\/strong><\/h2><p><img style=\"width: 20px;\" src=\"http:\/\/www.ugelsanchezcarrion.gob.pe\/wordpress\/wp-content\/uploads\/2018\/11\/pdf1.png\" alt=\"\" \/>\u00a0<span style=\"color: #800000;\"><strong>Comunicado I.<\/strong><\/span>\u00a0<strong><span style=\"color: #000000;\"><a href=\"http:\/\/www.ugelsanchezcarrion.gob.pe\/?p=7818\" target=\"_blank\" rel=\"noopener\">Polidocentes completos acercarse a AGP para conformaci\u00f3n de comit\u00e9 nombramiento 2019<\/a><\/span><\/strong><\/p><p><img style=\"width: 20px;\" src=\"http:\/\/www.ugelsanchezcarrion.gob.pe\/wordpress\/wp-content\/uploads\/2018\/11\/pdf1.png\" alt=\"\" \/> <span style=\"color: #000000;\"><strong><span style=\"color: #800000;\">Comunicado II.<\/span> <a href=\"http:\/\/www.ugelsanchezcarrion.gob.pe\/?p=7931\" target=\"_blank\" rel=\"noopener\">Capacitaci\u00f3n a los comit\u00e9s de evaluaci\u00f3n nombramiento<\/a><\/strong><\/span><\/p><p><img style=\"width: 20px;\" src=\"http:\/\/www.ugelsanchezcarrion.gob.pe\/wordpress\/wp-content\/uploads\/2018\/11\/pdf1.png\" alt=\"\" \/> <span style=\"color: #000000;\"><strong><span style=\"color: #800000;\">Comunicado III.<\/span> <a href=\"http:\/\/www.ugelsanchezcarrion.gob.pe\/?p=7986\" target=\"_blank\" rel=\"noopener\">Concurso de nombramiento 2019 \u2013 cronograma<\/a><\/strong><\/span><\/p><p><img style=\"width: 20px;\" src=\"http:\/\/www.ugelsanchezcarrion.gob.pe\/wordpress\/wp-content\/uploads\/2018\/11\/pdf1.png\" alt=\"\" \/> <span style=\"color: #000000;\"><span style=\"color: #800000;\"><strong>Comunicado IV<\/strong>.<\/span><b style=\"color: #000000;\">\u00a0<\/b><a href=\"http:\/\/www.ugelsanchezcarrion.gob.pe\/?p=8433\" target=\"_blank\" rel=\"noopener\"><span style=\"color: #000000;\"><b>Presentaci\u00f3n<\/b><\/span><b style=\"color: #000000;\">\u00a0de documentos de los ganadores<\/b><\/a><\/span><br \/> \u00a0<\/p><p>\u00a0<\/p>\t\t\t\t\t<\/div>\n\t\t\t\t\t\t<\/div>\n\t\t\t\t<\/div>\n\t\t\t\t\t\t<\/div>\n\t\t\t\t\t<\/div>\n\t\t<\/div>\n\t\t\t\t\t\t\t\t<\/div>\n\t\t\t\t\t<\/div>\n\t\t<\/section>\n\t\t\t\t<section class=\"elementor-section elementor-top-section elementor-element elementor-element-9ivu2cf elementor-section-boxed elementor-section-height-default elementor-section-height-default\" data-id=\"9ivu2cf\" data-element_type=\"section\">\n\t\t\t\t\t\t<div class=\"elementor-container elementor-column-gap-default\">\n\t\t\t\t\t\t\t<div class=\"elementor-row\">\n\t\t\t\t\t<div class=\"elementor-column elementor-col-100 elementor-top-column elementor-element elementor-element-04mfuwx\" data-id=\"04mfuwx\" data-element_type=\"column\">\n\t\t\t<div class=\"elementor-column-wrap elementor-element-populated\">\n\t\t\t\t\t\t\t<div class=\"elementor-widget-wrap\">\n\t\t\t\t\t\t<div class=\"elementor-element elementor-element-9mpvewr elementor-invisible elementor-widget elementor-widget-heading\" data-id=\"9mpvewr\" data-element_type=\"widget\" data-settings=\"{&quot;_animation&quot;:&quot;fadeInDown&quot;}\" data-widget_type=\"heading.default\">\n\t\t\t\t<div class=\"elementor-widget-container\">\n\t\t\t<h2 class=\"elementor-heading-title elementor-size-default\">CRONOGRAMAS<\/h2>\t\t<\/div>\n\t\t\t\t<\/div>\n\t\t\t\t\t\t<\/div>\n\t\t\t\t\t<\/div>\n\t\t<\/div>\n\t\t\t\t\t\t\t\t<\/div>\n\t\t\t\t\t<\/div>\n\t\t<\/section>\n\t\t\t\t<section class=\"elementor-section elementor-top-section elementor-element elementor-element-4xf0sdu elementor-section-boxed elementor-section-height-default elementor-section-height-default\" data-id=\"4xf0sdu\" data-element_type=\"section\">\n\t\t\t\t\t\t<div class=\"elementor-container elementor-column-gap-default\">\n\t\t\t\t\t\t\t<div class=\"elementor-row\">\n\t\t\t\t\t<div class=\"elementor-column elementor-col-100 elementor-top-column elementor-element elementor-element-vf03wzb\" data-id=\"vf03wzb\" data-element_type=\"column\">\n\t\t\t<div class=\"elementor-column-wrap elementor-element-populated\">\n\t\t\t\t\t\t\t<div class=\"elementor-widget-wrap\">\n\t\t\t\t\t\t<div class=\"elementor-element elementor-element-uzx5l2o elementor-tabs-view-horizontal elementor-widget elementor-widget-tabs\" data-id=\"uzx5l2o\" data-element_type=\"widget\" data-widget_type=\"tabs.default\">\n\t\t\t\t<div class=\"elementor-widget-container\">\n\t\t\t\t\t<div class=\"elementor-tabs\">\n\t\t\t<div class=\"elementor-tabs-wrapper\" role=\"tablist\" >\n\t\t\t\t\t\t\t\t\t<div id=\"elementor-tab-title-821\" class=\"elementor-tab-title elementor-tab-desktop-title\" aria-selected=\"true\" data-tab=\"1\" role=\"tab\" tabindex=\"0\" aria-controls=\"elementor-tab-content-821\" aria-expanded=\"false\"><a href=\"\">CRONOGRAMAS II.EE.<\/a><\/div>\n\t\t\t\t\t\t\t\t\t<div id=\"elementor-tab-title-822\" class=\"elementor-tab-title elementor-tab-desktop-title\" aria-selected=\"false\" data-tab=\"2\" role=\"tab\" tabindex=\"-1\" aria-controls=\"elementor-tab-content-822\" aria-expanded=\"false\"><a href=\"\">CRONOGRAMAS UGEL SC<\/a><\/div>\n\t\t\t\t\t\t\t<\/div>\n\t\t\t<div class=\"elementor-tabs-content-wrapper\" role=\"tablist\" aria-orientation=\"vertical\">\n\t\t\t\t\t\t\t\t\t<div class=\"elementor-tab-title elementor-tab-mobile-title\" aria-selected=\"true\" data-tab=\"1\" role=\"tab\" tabindex=\"0\" aria-controls=\"elementor-tab-content-821\" aria-expanded=\"false\">CRONOGRAMAS II.EE.<\/div>\n\t\t\t\t\t<div id=\"elementor-tab-content-821\" class=\"elementor-tab-content elementor-clearfix\" data-tab=\"1\" role=\"tabpanel\" aria-labelledby=\"elementor-tab-title-821\" tabindex=\"0\" hidden=\"false\">\n<table id=\"tablepress-9\" class=\"tablepress tablepress-id-9\">\n<thead>\n<tr class=\"row-1 odd\">\n\t<th class=\"column-1\">FECHA<\/th><th class=\"column-2\">INSTITUCI\u00d3N EDUCATIVA<\/th><th class=\"column-3\">DISTRITO<\/th><th class=\"column-4\">NIVEL<\/th><th class=\"column-5\">CRONOGRAMAS<\/th>\n<\/tr>\n<\/thead>\n<tbody class=\"row-hover\">\n<tr class=\"row-2 even\">\n\t<td class=\"column-1\">17\/09\/2019<\/td><td class=\"column-2\">Cuna Jard\u00edn<\/td><td class=\"column-3\">Huamachuco<\/td><td class=\"column-4\">Inicial<\/td><td class=\"column-5\"><a href=\"http:\/\/www.ugelsanchezcarrion.gob.pe\/wordpress\/wp-content\/uploads\/2019\/09\/Cuna-Jardin-Huamachuco-inicial.pdf\" target=\"_blank\" title=\"Descargar\"><br \/>\n    <img src=\"http:\/\/www.ugelsanchezcarrion.gob.pe\/wordpress\/wp-content\/uploads\/2018\/10\/images.png\" alt=\"\" style=\"width:40px;\"><br \/>\n<\/a><\/td>\n<\/tr>\n<tr class=\"row-3 odd\">\n\t<td class=\"column-1\">17\/09\/2019<\/td><td class=\"column-2\">Florencia de Mora<\/td><td class=\"column-3\">Huamachuco<\/td><td class=\"column-4\">Secundaria<\/td><td class=\"column-5\"><a href=\"http:\/\/www.ugelsanchezcarrion.gob.pe\/wordpress\/wp-content\/uploads\/2019\/09\/florencia-de-Mora-sec.pdf\" target=\"_blank\" title=\"Descargar\"><br \/>\n    <img src=\"http:\/\/www.ugelsanchezcarrion.gob.pe\/wordpress\/wp-content\/uploads\/2018\/10\/images.png\" alt=\"\" style=\"width:40px;\"><br \/>\n<\/a><\/td>\n<\/tr>\n<tr class=\"row-4 even\">\n\t<td class=\"column-1\">17\/09\/2019<\/td><td class=\"column-2\">80168 Molino Viejo<\/td><td class=\"column-3\">Cochorco<\/td><td class=\"column-4\">Primaria<\/td><td class=\"column-5\"><a href=\"http:\/\/www.ugelsanchezcarrion.gob.pe\/wordpress\/wp-content\/uploads\/2019\/09\/80168-Molino-Viejo-Cochorco-prim.pdf\" target=\"_blank\" title=\"Descargar\"><br \/>\n    <img src=\"http:\/\/www.ugelsanchezcarrion.gob.pe\/wordpress\/wp-content\/uploads\/2018\/10\/images.png\" alt=\"\" style=\"width:40px;\"><br \/>\n<\/a><\/td>\n<\/tr>\n<tr class=\"row-5 odd\">\n\t<td class=\"column-1\">19\/09\/2019<\/td><td class=\"column-2\">80144 Ricardo Palma Soriano<\/td><td class=\"column-3\">Sanagor\u00e1n<\/td><td class=\"column-4\">Secundaria<\/td><td class=\"column-5\"><a href=\"http:\/\/www.ugelsanchezcarrion.gob.pe\/wordpress\/wp-content\/uploads\/2019\/09\/80144-Sanagoran.pdf\" target=\"_blank\" title=\"Descargar\"><br \/>\n    <img src=\"http:\/\/www.ugelsanchezcarrion.gob.pe\/wordpress\/wp-content\/uploads\/2018\/10\/images.png\" alt=\"\" style=\"width:40px;\"><br \/>\n<\/a><\/td>\n<\/tr>\n<tr class=\"row-6 even\">\n\t<td class=\"column-1\">19\/09\/2019<\/td><td class=\"column-2\">82115 Jos\u00e9 Faustino S\u00e1nchez Carri\u00f3n<\/td><td class=\"column-3\">Huamachuco<\/td><td class=\"column-4\">Secundaria<\/td><td class=\"column-5\"><a href=\"http:\/\/www.ugelsanchezcarrion.gob.pe\/wordpress\/wp-content\/uploads\/2019\/09\/82115-Huamachuco.pdf\" target=\"_blank\" title=\"Descargar\"><br \/>\n    <img src=\"http:\/\/www.ugelsanchezcarrion.gob.pe\/wordpress\/wp-content\/uploads\/2018\/10\/images.png\" alt=\"\" style=\"width:40px;\"><br \/>\n<\/a><\/td>\n<\/tr>\n<tr class=\"row-7 odd\">\n\t<td class=\"column-1\">20\/09\/2019<\/td><td class=\"column-2\">80140 Jos\u00e9 F. S\u00e1nchez Carri\u00f3n<\/td><td class=\"column-3\">Chugay<\/td><td class=\"column-4\">Secundaria<\/td><td class=\"column-5\"><a href=\"http:\/\/www.ugelsanchezcarrion.gob.pe\/wordpress\/wp-content\/uploads\/2019\/09\/80140-_-chugay-sec.pdf\" target=\"_blank\" title=\"Descargar\"><br \/>\n    <img src=\"http:\/\/www.ugelsanchezcarrion.gob.pe\/wordpress\/wp-content\/uploads\/2018\/10\/images.png\" alt=\"\" style=\"width:40px;\"><br \/>\n<\/a><\/td>\n<\/tr>\n<tr class=\"row-8 even\">\n\t<td class=\"column-1\">20\/09\/2019<\/td><td class=\"column-2\">80147 Abelardo Gamarra Rondo<\/td><td class=\"column-3\">Sar\u00edn<\/td><td class=\"column-4\">Secundaria<\/td><td class=\"column-5\"><a href=\"http:\/\/www.ugelsanchezcarrion.gob.pe\/wordpress\/wp-content\/uploads\/2019\/09\/80147-sarin-sec.pdf\" target=\"_blank\" title=\"Descargar\"><br \/>\n    <img src=\"http:\/\/www.ugelsanchezcarrion.gob.pe\/wordpress\/wp-content\/uploads\/2018\/10\/images.png\" alt=\"\" style=\"width:40px;\"><br \/>\n<\/a><\/td>\n<\/tr>\n<tr class=\"row-9 odd\">\n\t<td class=\"column-1\">20\/09\/2019<\/td><td class=\"column-2\">80150 Jos\u00e9 A. Qui\u00f1ones Gonz\u00e1les<\/td><td class=\"column-3\">Sartimbamba<\/td><td class=\"column-4\">Primaria<\/td><td class=\"column-5\"><a href=\"http:\/\/www.ugelsanchezcarrion.gob.pe\/wordpress\/wp-content\/uploads\/2019\/09\/80150-primaria-sartimbamba-prim.pdf\" target=\"_blank\" title=\"Descargar\"><br \/>\n    <img src=\"http:\/\/www.ugelsanchezcarrion.gob.pe\/wordpress\/wp-content\/uploads\/2018\/10\/images.png\" alt=\"\" style=\"width:40px;\"><br \/>\n<\/a><\/td>\n<\/tr>\n<tr class=\"row-10 even\">\n\t<td class=\"column-1\">20\/09\/2019<\/td><td class=\"column-2\">80150 Jos\u00e9 A. Qui\u00f1ones Gonz\u00e1les<\/td><td class=\"column-3\">Sartimbamba<\/td><td class=\"column-4\">Secundaria<\/td><td class=\"column-5\"><a href=\"http:\/\/www.ugelsanchezcarrion.gob.pe\/wordpress\/wp-content\/uploads\/2019\/09\/80150-secundaria-sartimbamba.pdf\" target=\"_blank\" title=\"Descargar\"><br \/>\n    <img src=\"http:\/\/www.ugelsanchezcarrion.gob.pe\/wordpress\/wp-content\/uploads\/2018\/10\/images.png\" alt=\"\" style=\"width:40px;\"><br \/>\n<\/a><\/td>\n<\/tr>\n<tr class=\"row-11 odd\">\n\t<td class=\"column-1\">20\/09\/2019<\/td><td class=\"column-2\">San Nicol\u00e1s<\/td><td class=\"column-3\">Huamachuco<\/td><td class=\"column-4\">Secundaria<\/td><td class=\"column-5\"><a href=\"http:\/\/www.ugelsanchezcarrion.gob.pe\/wordpress\/wp-content\/uploads\/2019\/09\/san-nicolas-sec.pdf\" target=\"_blank\" title=\"Descargar\"><br \/>\n    <img src=\"http:\/\/www.ugelsanchezcarrion.gob.pe\/wordpress\/wp-content\/uploads\/2018\/10\/images.png\" alt=\"\" style=\"width:40px;\"><br \/>\n<\/a><\/td>\n<\/tr>\n<tr class=\"row-12 even\">\n\t<td class=\"column-1\">20\/09\/2019<\/td><td class=\"column-2\">80148<\/td><td class=\"column-3\">Sartimbamba<\/td><td class=\"column-4\">Secundaria<\/td><td class=\"column-5\"><a href=\"http:\/\/www.ugelsanchezcarrion.gob.pe\/wordpress\/wp-content\/uploads\/2019\/09\/80148-secundaria-sartimbamba.pdf\" target=\"_blank\" title=\"Descargar\"><br \/>\n    <img src=\"http:\/\/www.ugelsanchezcarrion.gob.pe\/wordpress\/wp-content\/uploads\/2018\/10\/images.png\" alt=\"\" style=\"width:40px;\"><br \/>\n<\/a><\/td>\n<\/tr>\n<tr class=\"row-13 odd\">\n\t<td class=\"column-1\">20\/09\/2019<\/td><td class=\"column-2\">80187<\/td><td class=\"column-3\">Chugay<\/td><td class=\"column-4\">Secundaria<\/td><td class=\"column-5\"><a href=\"http:\/\/www.ugelsanchezcarrion.gob.pe\/wordpress\/wp-content\/uploads\/2019\/09\/80187-secundaria-chugay.pdf\" target=\"_blank\" title=\"Descargar\"><br \/>\n    <img src=\"http:\/\/www.ugelsanchezcarrion.gob.pe\/wordpress\/wp-content\/uploads\/2018\/10\/images.png\" alt=\"\" style=\"width:40px;\"><br \/>\n<\/a><\/td>\n<\/tr>\n<tr class=\"row-14 even\">\n\t<td class=\"column-1\">20\/09\/2019<\/td><td class=\"column-2\">80209 Ventanas<\/td><td class=\"column-3\">Sanagor\u00e1n<\/td><td class=\"column-4\">Secundaria<\/td><td class=\"column-5\"><a href=\"http:\/\/www.ugelsanchezcarrion.gob.pe\/wordpress\/wp-content\/uploads\/2019\/09\/80209-secundaria-sanagoran.pdf\" target=\"_blank\" title=\"Descargar\"><br \/>\n    <img src=\"http:\/\/www.ugelsanchezcarrion.gob.pe\/wordpress\/wp-content\/uploads\/2018\/10\/images.png\" alt=\"\" style=\"width:40px;\"><br \/>\n<\/a><\/td>\n<\/tr>\n<tr class=\"row-15 odd\">\n\t<td class=\"column-1\">20\/09\/2019<\/td><td class=\"column-2\">80538 <\/td><td class=\"column-3\">Sitabamba<\/td><td class=\"column-4\">Primaria<\/td><td class=\"column-5\"><a href=\"http:\/\/www.ugelsanchezcarrion.gob.pe\/wordpress\/wp-content\/uploads\/2019\/09\/80538-primaria-sitabamba.pdf\" target=\"_blank\" title=\"Descargar\"><br \/>\n    <img src=\"http:\/\/www.ugelsanchezcarrion.gob.pe\/wordpress\/wp-content\/uploads\/2018\/10\/images.png\" alt=\"\" style=\"width:40px;\"><br \/>\n<\/a><\/td>\n<\/tr>\n<tr class=\"row-16 even\">\n\t<td class=\"column-1\">20\/09\/2019<\/td><td class=\"column-2\">80538<\/td><td class=\"column-3\">Sitabamba<\/td><td class=\"column-4\">Secundaria<\/td><td class=\"column-5\"><a href=\"http:\/\/www.ugelsanchezcarrion.gob.pe\/wordpress\/wp-content\/uploads\/2019\/09\/80538-sucundaria-sitabamba.pdf\" target=\"_blank\" title=\"Descargar\"><br \/>\n    <img src=\"http:\/\/www.ugelsanchezcarrion.gob.pe\/wordpress\/wp-content\/uploads\/2018\/10\/images.png\" alt=\"\" style=\"width:40px;\"><br \/>\n<\/a><\/td>\n<\/tr>\n<tr class=\"row-17 odd\">\n\t<td class=\"column-1\">20\/09\/2019<\/td><td class=\"column-2\">80170<\/td><td class=\"column-3\"> Cochorco<\/td><td class=\"column-4\">Primaria<\/td><td class=\"column-5\"><a href=\"http:\/\/www.ugelsanchezcarrion.gob.pe\/wordpress\/wp-content\/uploads\/2019\/09\/80170-prim.jpeg\" target=\"_blank\" title=\"Descargar\"><br \/>\n    <img src=\"http:\/\/www.ugelsanchezcarrion.gob.pe\/wordpress\/wp-content\/uploads\/2018\/11\/image1.png\" alt=\"\" style=\"width:38px;\"><br \/>\n<\/a><\/td>\n<\/tr>\n<tr class=\"row-18 even\">\n\t<td class=\"column-1\">20\/09\/2019<\/td><td class=\"column-2\">80225 San Alfonso <\/td><td class=\"column-3\">Sartimbamba<\/td><td class=\"column-4\">Primaria<\/td><td class=\"column-5\"><a href=\"http:\/\/www.ugelsanchezcarrion.gob.pe\/wordpress\/wp-content\/uploads\/2019\/09\/80225-primaria-sartimbamba.pdf\" target=\"_blank\" title=\"Descargar\"><br \/>\n    <img src=\"http:\/\/www.ugelsanchezcarrion.gob.pe\/wordpress\/wp-content\/uploads\/2018\/10\/images.png\" alt=\"\" style=\"width:40px;\"><br \/>\n<\/a><\/td>\n<\/tr>\n<tr class=\"row-19 odd\">\n\t<td class=\"column-1\">20\/09\/2019<\/td><td class=\"column-2\">Santa Ana San Francisco de As\u00eds<\/td><td class=\"column-3\">Huamachuco<\/td><td class=\"column-4\">Primaria<\/td><td class=\"column-5\"><a href=\"http:\/\/www.ugelsanchezcarrion.gob.pe\/wordpress\/wp-content\/uploads\/2019\/09\/santa-ana-primaria.pdf\" target=\"_blank\" title=\"Descargar\"><br \/>\n    <img src=\"http:\/\/www.ugelsanchezcarrion.gob.pe\/wordpress\/wp-content\/uploads\/2018\/10\/images.png\" alt=\"\" style=\"width:40px;\"><br \/>\n<\/a><\/td>\n<\/tr>\n<tr class=\"row-20 even\">\n\t<td class=\"column-1\">23\/09\/2019<\/td><td class=\"column-2\">80099<\/td><td class=\"column-3\">Bambamarca<\/td><td class=\"column-4\">Primaria<\/td><td class=\"column-5\"><a href=\"http:\/\/www.ugelsanchezcarrion.gob.pe\/wordpress\/wp-content\/uploads\/2019\/09\/80099-Primaria-Bambamarca.pdf\" target=\"_blank\" title=\"Descargar\"><br \/>\n    <img src=\"http:\/\/www.ugelsanchezcarrion.gob.pe\/wordpress\/wp-content\/uploads\/2018\/10\/images.png\" alt=\"\" style=\"width:40px;\"><br \/>\n<\/a><\/td>\n<\/tr>\n<tr class=\"row-21 odd\">\n\t<td class=\"column-1\">23\/09\/2019<\/td><td class=\"column-2\">80136 Horacio Zeballos Gamez &#8211; Aricapampa<\/td><td class=\"column-3\">Cochorco<\/td><td class=\"column-4\">Primaria<\/td><td class=\"column-5\"><a href=\"http:\/\/www.ugelsanchezcarrion.gob.pe\/wordpress\/wp-content\/uploads\/2019\/09\/80136-aricapampa-primaria.pdf\" target=\"_blank\" title=\"Descargar\"><br \/>\n    <img src=\"http:\/\/www.ugelsanchezcarrion.gob.pe\/wordpress\/wp-content\/uploads\/2018\/10\/images.png\" alt=\"\" style=\"width:40px;\"><br \/>\n<\/a><\/td>\n<\/tr>\n<tr class=\"row-22 even\">\n\t<td class=\"column-1\">23\/09\/2019<\/td><td class=\"column-2\">80211 Jorge Basadre Grohmann &#8211; Challuate<\/td><td class=\"column-3\">Sanagor\u00e1n<\/td><td class=\"column-4\">Secundaria<\/td><td class=\"column-5\"><a href=\"http:\/\/www.ugelsanchezcarrion.gob.pe\/wordpress\/wp-content\/uploads\/2019\/09\/80211-challuate-.pdf\" target=\"_blank\" title=\"Descargar\"><br \/>\n    <img src=\"http:\/\/www.ugelsanchezcarrion.gob.pe\/wordpress\/wp-content\/uploads\/2018\/10\/images.png\" alt=\"\" style=\"width:40px;\"><br \/>\n<\/a><\/td>\n<\/tr>\n<tr class=\"row-23 odd\">\n\t<td class=\"column-1\">23\/09\/2019<\/td><td class=\"column-2\">80591 Ciro Alegr\u00e1a Baz\u00e1n<\/td><td class=\"column-3\">Sitabamba<\/td><td class=\"column-4\">Secundaria<\/td><td class=\"column-5\"><a href=\"http:\/\/www.ugelsanchezcarrion.gob.pe\/wordpress\/wp-content\/uploads\/2019\/09\/80591.pdf\" target=\"_blank\" title=\"Descargar\"><br \/>\n    <img src=\"http:\/\/www.ugelsanchezcarrion.gob.pe\/wordpress\/wp-content\/uploads\/2018\/10\/images.png\" alt=\"\" style=\"width:40px;\"><br \/>\n<\/a><\/td>\n<\/tr>\n<tr class=\"row-24 even\">\n\t<td class=\"column-1\">23\/09\/2019<\/td><td class=\"column-2\">80992 Arcopampa<\/td><td class=\"column-3\">Chugay<\/td><td class=\"column-4\">Secundaria<\/td><td class=\"column-5\"><a href=\"http:\/\/www.ugelsanchezcarrion.gob.pe\/wordpress\/wp-content\/uploads\/2019\/09\/80992-chugay.pdf\" target=\"_blank\" title=\"Descargar\"><br \/>\n    <img src=\"http:\/\/www.ugelsanchezcarrion.gob.pe\/wordpress\/wp-content\/uploads\/2018\/10\/images.png\" alt=\"\" style=\"width:40px;\"><br \/>\n<\/a><\/td>\n<\/tr>\n<tr class=\"row-25 odd\">\n\t<td class=\"column-1\">23\/09\/2019<\/td><td class=\"column-2\">82013 San Juan<\/td><td class=\"column-3\">Chugay<\/td><td class=\"column-4\">Secundaria<\/td><td class=\"column-5\"><a href=\"http:\/\/www.ugelsanchezcarrion.gob.pe\/wordpress\/wp-content\/uploads\/2019\/09\/82013-chugay.pdf\" target=\"_blank\" title=\"Descargar\"><br \/>\n    <img src=\"http:\/\/www.ugelsanchezcarrion.gob.pe\/wordpress\/wp-content\/uploads\/2018\/10\/images.png\" alt=\"\" style=\"width:40px;\"><br \/>\n<\/a><\/td>\n<\/tr>\n<tr class=\"row-26 even\">\n\t<td class=\"column-1\">23\/09\/2019<\/td><td class=\"column-2\">82018 Vaqueria<\/td><td class=\"column-3\">Cochorco<\/td><td class=\"column-4\">Primaria<\/td><td class=\"column-5\"><a href=\"http:\/\/www.ugelsanchezcarrion.gob.pe\/wordpress\/wp-content\/uploads\/2019\/09\/82018-cochorco.pdf\" target=\"_blank\" title=\"Descargar\"><br \/>\n    <img src=\"http:\/\/www.ugelsanchezcarrion.gob.pe\/wordpress\/wp-content\/uploads\/2018\/10\/images.png\" alt=\"\" style=\"width:40px;\"><br \/>\n<\/a><\/td>\n<\/tr>\n<tr class=\"row-27 odd\">\n\t<td class=\"column-1\">23\/09\/2019<\/td><td class=\"column-2\">80116<\/td><td class=\"column-3\">Bambamarca<\/td><td class=\"column-4\">Primaria<\/td><td class=\"column-5\"><a href=\"http:\/\/www.ugelsanchezcarrion.gob.pe\/wordpress\/wp-content\/uploads\/2019\/09\/80116-primaria-bambamarca.pdf\" target=\"_blank\" title=\"Descargar\"><br \/>\n    <img src=\"http:\/\/www.ugelsanchezcarrion.gob.pe\/wordpress\/wp-content\/uploads\/2018\/10\/images.png\" alt=\"\" style=\"width:40px;\"><br \/>\n<\/a><\/td>\n<\/tr>\n<tr class=\"row-28 even\">\n\t<td class=\"column-1\">23\/09\/2019<\/td><td class=\"column-2\">80138 Abelardo Gamarra Rondo<\/td><td class=\"column-3\">Curgos<\/td><td class=\"column-4\">Secundaria<\/td><td class=\"column-5\"><a href=\"http:\/\/www.ugelsanchezcarrion.gob.pe\/wordpress\/wp-content\/uploads\/2019\/09\/80138-curgos-Secundaria.pdf\" target=\"_blank\" title=\"Descargar\"><br \/>\n    <img src=\"http:\/\/www.ugelsanchezcarrion.gob.pe\/wordpress\/wp-content\/uploads\/2018\/10\/images.png\" alt=\"\" style=\"width:40px;\"><br \/>\n<\/a><\/td>\n<\/tr>\n<tr class=\"row-29 odd\">\n\t<td class=\"column-1\">24\/09\/2019<\/td><td class=\"column-2\">80149 Marcabal Grande<\/td><td class=\"column-3\">Sartimbamba<\/td><td class=\"column-4\">Primaria y Secundaria<\/td><td class=\"column-5\"><a href=\"http:\/\/www.ugelsanchezcarrion.gob.pe\/wordpress\/wp-content\/uploads\/2019\/09\/80149-prim-y-sec.pdf\" target=\"_blank\" title=\"Descargar\"><br \/>\n    <img src=\"http:\/\/www.ugelsanchezcarrion.gob.pe\/wordpress\/wp-content\/uploads\/2018\/10\/images.png\" alt=\"\" style=\"width:40px;\"><br \/>\n<\/<\/td>\n<\/tr>\n<tr class=\"row-30 even\">\n\t<td class=\"column-1\">24\/09\/2019<\/td><td class=\"column-2\">80143 Toribio Rodriguez de Mendoza<\/td><td class=\"column-3\">Marcabal<\/td><td class=\"column-4\">Secundaria<\/td><td class=\"column-5\"><a href=\"http:\/\/www.ugelsanchezcarrion.gob.pe\/wordpress\/wp-content\/uploads\/2019\/09\/80143-sec-marcabal.pdf\" target=\"_blank\" title=\"Descargar\"><br \/>\n    <img src=\"http:\/\/www.ugelsanchezcarrion.gob.pe\/wordpress\/wp-content\/uploads\/2018\/10\/images.png\" alt=\"\" style=\"width:40px;\"><br \/>\n<\/<\/td>\n<\/tr>\n<tr class=\"row-31 odd\">\n\t<td class=\"column-1\">24\/09\/2019<\/td><td class=\"column-2\">80163 La Arena<\/td><td class=\"column-3\">Huamachuco<\/td><td class=\"column-4\">Secundaria<\/td><td class=\"column-5\"><a href=\"http:\/\/www.ugelsanchezcarrion.gob.pe\/wordpress\/wp-content\/uploads\/2019\/09\/80163-secundaria-la-arena.pdf\" target=\"_blank\" title=\"Descargar\"><br \/>\n    <img src=\"http:\/\/www.ugelsanchezcarrion.gob.pe\/wordpress\/wp-content\/uploads\/2018\/10\/images.png\" alt=\"\" style=\"width:40px;\"><br \/>\n<\/<\/td>\n<\/tr>\n<\/tbody>\n<\/table>\n<!-- #tablepress-9 from cache --><\/div>\n\t\t\t\t\t\t\t\t\t<div class=\"elementor-tab-title elementor-tab-mobile-title\" aria-selected=\"false\" data-tab=\"2\" role=\"tab\" tabindex=\"-1\" aria-controls=\"elementor-tab-content-822\" aria-expanded=\"false\">CRONOGRAMAS UGEL SC<\/div>\n\t\t\t\t\t<div id=\"elementor-tab-content-822\" class=\"elementor-tab-content elementor-clearfix\" data-tab=\"2\" role=\"tabpanel\" aria-labelledby=\"elementor-tab-title-822\" tabindex=\"0\" hidden=\"hidden\">\n<table id=\"tablepress-10\" class=\"tablepress tablepress-id-10\">\n<thead>\n<tr class=\"row-1 odd\">\n\t<th class=\"column-1\">FECHA<\/th><th class=\"column-2\">COMIT\u00c9S<\/th><th class=\"column-3\">OBSERVACI\u00d3N DE CLASES<\/th><th class=\"column-4\">NIVEL<\/th><th class=\"column-5\">DESCARGAR <\/th><th class=\"column-6\">OBSERVACIONES<\/th>\n<\/tr>\n<\/thead>\n<tbody class=\"row-hover\">\n<tr class=\"row-2 even\">\n\t<td class=\"column-1\">20\/09\/2019<\/td><td class=\"column-2\">Comit\u00e9 N\u00b0 02<\/td><td class=\"column-3\">I.E. N\u00b0 2035 Sausacocha<\/td><td class=\"column-4\">Inicial<\/td><td class=\"column-5\"><a href=\"http:\/\/www.ugelsanchezcarrion.gob.pe\/wordpress\/wp-content\/uploads\/2019\/09\/comite2-inicial-ugel-sc.pdf\" target=\"_blank\" title=\"Descargar\"><br \/>\n    <img src=\"http:\/\/www.ugelsanchezcarrion.gob.pe\/wordpress\/wp-content\/uploads\/2018\/10\/images.png\" alt=\"\" style=\"width:40px;\"><br \/>\n<\/a><\/td><td class=\"column-6\"><\/td>\n<\/tr>\n<tr class=\"row-3 odd\">\n\t<td class=\"column-1\">20\/09\/2019<\/td><td class=\"column-2\">Comit\u00e9 N\u00b0 01<\/td><td class=\"column-3\">I.E. N\u00b0 2061 Agocas<\/td><td class=\"column-4\">Inicial<\/td><td class=\"column-5\"><a href=\"http:\/\/www.ugelsanchezcarrion.gob.pe\/wordpress\/wp-content\/uploads\/2019\/09\/comite-01-inicial-ugel.pdf\" target=\"_blank\" title=\"Descargar\"><br \/>\n    <img src=\"http:\/\/www.ugelsanchezcarrion.gob.pe\/wordpress\/wp-content\/uploads\/2018\/10\/images.png\" alt=\"\" style=\"width:40px;\"><br \/>\n<\/a><\/td><td class=\"column-6\"><\/td>\n<\/tr>\n<tr class=\"row-4 even\">\n\t<td class=\"column-1\">20\/09\/2019<\/td><td class=\"column-2\">Comit\u00e9 N\u00b0 02<\/td><td class=\"column-3\">I.E. N\u00b0 80779 La Inmaculada<\/td><td class=\"column-4\">Secundaria<\/td><td class=\"column-5\"><a href=\"http:\/\/www.ugelsanchezcarrion.gob.pe\/wordpress\/wp-content\/uploads\/2019\/09\/comite-02-secundaria-ugel.pdf\" target=\"_blank\" title=\"Descargar\"><br \/>\n    <img src=\"http:\/\/www.ugelsanchezcarrion.gob.pe\/wordpress\/wp-content\/uploads\/2018\/10\/images.png\" alt=\"\" style=\"width:40px;\"><br \/>\n<\/a><\/td><td class=\"column-6\"><\/td>\n<\/tr>\n<tr class=\"row-5 odd\">\n\t<td class=\"column-1\">23\/09\/2019<\/td><td class=\"column-2\">Comit\u00e9 N\u00b0 03<\/td><td class=\"column-3\">I.E. N\u00b0 1868 Coipin<br \/>\nI.E. N\u00b0 80153 Yanac<\/td><td class=\"column-4\">Inicial<\/td><td class=\"column-5\"><a href=\"http:\/\/www.ugelsanchezcarrion.gob.pe\/wordpress\/wp-content\/uploads\/2019\/09\/comite-03-Ugel-inicial.pdf\" target=\"_blank\" title=\"Descargar\"><br \/>\n    <img src=\"http:\/\/www.ugelsanchezcarrion.gob.pe\/wordpress\/wp-content\/uploads\/2018\/10\/images.png\" alt=\"\" style=\"width:40px;\"><br \/>\n<\/a><\/td><td class=\"column-6\"><\/td>\n<\/tr>\n<tr class=\"row-6 even\">\n\t<td class=\"column-1\">23\/09\/2019<\/td><td class=\"column-2\">Comit\u00e9 N\u00b0 04<\/td><td class=\"column-3\">I.E. N\u00b0 80174 Cuypampa<\/td><td class=\"column-4\">Inicial<\/td><td class=\"column-5\"><a href=\"http:\/\/www.ugelsanchezcarrion.gob.pe\/wordpress\/wp-content\/uploads\/2019\/09\/comit\u00e9-4-ini.pdf\" target=\"_blank\" title=\"Descargar\"><br \/>\n    <img src=\"http:\/\/www.ugelsanchezcarrion.gob.pe\/wordpress\/wp-content\/uploads\/2018\/10\/images.png\" alt=\"\" style=\"width:40px;\"><br \/>\n<\/a><\/td><td class=\"column-6\"><span class=\"label label-danger\">Corregido nombre I.E. 24\/09\/2019<\/span><\/td>\n<\/tr>\n<tr class=\"row-7 odd\">\n\t<td class=\"column-1\">23\/09\/2019<\/td><td class=\"column-2\">Comit\u00e9 N\u00b0 01<\/td><td class=\"column-3\">I.E. N\u00b0 80161 Juan Pablo II &#8211; Yamobamba<\/td><td class=\"column-4\">Secundaria<\/td><td class=\"column-5\"><a href=\"http:\/\/www.ugelsanchezcarrion.gob.pe\/wordpress\/wp-content\/uploads\/2019\/09\/comit\u00e9-1-sec.pdf\" target=\"_blank\" title=\"Descargar\"><br \/>\n    <img src=\"http:\/\/www.ugelsanchezcarrion.gob.pe\/wordpress\/wp-content\/uploads\/2018\/10\/images.png\" alt=\"\" style=\"width:40px;\"><br \/>\n<\/a><\/td><td class=\"column-6\"><span class=\"label label-danger\">Corregido 24\/09\/2019<\/span><\/td>\n<\/tr>\n<tr class=\"row-8 even\">\n\t<td class=\"column-1\">25\/09\/2019<\/td><td class=\"column-2\">Comit\u00e9 Unico<\/td><td class=\"column-3\">I.E. N\u00b0 80159 Sausacocha<br \/>\nI.E. N\u00b0 80849 Tayanga<\/td><td class=\"column-4\">Primaria<\/td><td class=\"column-5\"><a href=\"http:\/\/www.ugelsanchezcarrion.gob.pe\/wordpress\/wp-content\/uploads\/2019\/09\/comite-primaria.pdf\" target=\"_blank\" title=\"Descargar\"><br \/>\n    <img src=\"http:\/\/www.ugelsanchezcarrion.gob.pe\/wordpress\/wp-content\/uploads\/2018\/10\/images.png\" alt=\"\" style=\"width:40px;\"><br \/>\n<\/a><\/td><td class=\"column-6\"><\/td>\n<\/tr>\n<\/tbody>\n<\/table>\n<!-- #tablepress-10 from cache --><\/div>\n\t\t\t\t\t\t\t<\/div>\n\t\t<\/div>\n\t\t\t\t<\/div>\n\t\t\t\t<\/div>\n\t\t\t\t\t\t<\/div>\n\t\t\t\t\t<\/div>\n\t\t<\/div>\n\t\t\t\t\t\t\t\t<\/div>\n\t\t\t\t\t<\/div>\n\t\t<\/section>\n\t\t\t\t\t\t<\/div>\n\t\t\t\t\t\t<\/div>\n\t\t\t\t\t<\/div>\n\t\t","protected":false},"excerpt":{"rendered":"<p>Nombramiento 2019 Nombramiento 2018 CONCURSO DE NOMBRAMIENTO 2019 \u00a0 Los Comit\u00e9s de Evaluaci\u00f3n Docente deben contar con un KIT de autocapacitaci\u00f3n que fueron entregados en la Capacitaci\u00f3n del d\u00eda 10 de septiembre del 2019 en el auditorio de la UGEL S\u00e1nchez Carri\u00f3n, en caso no cuenten con ello, lo deben recoger en la OFICINA DE&#8230;<\/p>\n","protected":false},"author":1,"featured_media":0,"parent":0,"menu_order":0,"comment_status":"closed","ping_status":"closed","template":"","meta":[],"_links":{"self":[{"href":"http:\/\/www.ugelsanchezcarrion.gob.pe\/index.php?rest_route=\/wp\/v2\/pages\/8025"}],"collection":[{"href":"http:\/\/www.ugelsanchezcarrion.gob.pe\/index.php?rest_route=\/wp\/v2\/pages"}],"about":[{"href":"http:\/\/www.ugelsanchezcarrion.gob.pe\/index.php?rest_route=\/wp\/v2\/types\/page"}],"author":[{"embeddable":true,"href":"http:\/\/www.ugelsanchezcarrion.gob.pe\/index.php?rest_route=\/wp\/v2\/users\/1"}],"replies":[{"embeddable":true,"href":"http:\/\/www.ugelsanchezcarrion.gob.pe\/index.php?rest_route=%2Fwp%2Fv2%2Fcomments&post=8025"}],"version-history":[{"count":17,"href":"http:\/\/www.ugelsanchezcarrion.gob.pe\/index.php?rest_route=\/wp\/v2\/pages\/8025\/revisions"}],"predecessor-version":[{"id":8442,"href":"http:\/\/www.ugelsanchezcarrion.gob.pe\/index.php?rest_route=\/wp\/v2\/pages\/8025\/revisions\/8442"}],"wp:attachment":[{"href":"http:\/\/www.ugelsanchezcarrion.gob.pe\/index.php?rest_route=%2Fwp%2Fv2%2Fmedia&parent=8025"}],"curies":[{"name":"wp","href":"https:\/\/api.w.org\/{rel}","templated":true}]}}